{"id":15010,"date":"2025-10-19T16:35:32","date_gmt":"2025-10-19T19:35:32","guid":{"rendered":"https:\/\/aeroviarios.org.br\/novo\/?page_id=15010"},"modified":"2026-02-09T10:42:48","modified_gmt":"2026-02-09T13:42:48","slug":"diretoria","status":"publish","type":"page","link":"https:\/\/aeroviarios.org.br\/index.php\/diretoria\/","title":{"rendered":"Diretoria"},"content":{"rendered":"\n<p><em><strong>Conhe\u00e7a a diretoria completa do Sindicato dos Aerovi\u00e1rios de Porto Alegre<\/strong>:<\/em><br><br><strong>DIRETORIA EXECUTIVA<\/strong><\/p>\n\n\n\n<p>Marcos Andr\u00e9 Fortes \u2013 Presidente<br>Alexandre Silveira \u2013 Secret\u00e1rio Geral<br>Celso Andr\u00e9 Klafke \u2013 Diretor de Finan\u00e7as<br>Eduardo de Oliveira Bobsin \u2013 Diretor Jur\u00eddico<br>Giliardi Anderson Vicente dos Santos \u2013 Diretor de Imprensa<br>\u00c9dipo Saint\u2019Claire Amaral \u2013 Diretor de Sa\u00fade<br>Mois\u00e9s de Souza Bastos \u2013 Diretor de Patrim\u00f4nio<br>Caroline Barros da Silva \u2013 Diretora de Forma\u00e7\u00e3o<br>Cl\u00e1udia da Silva Figueiredo \u2013 Diretora de Cultura e Lazer<\/p>\n\n\n\n<p><strong>DIRETORES SUPLENTES<\/strong><\/p>\n\n\n\n<p>Denis Ramalho Chaves<br>Melissa Paim de Vargas <br>Fabr\u00edcio Souza da Silva<br>Daiane Vidaleti Santos<br>Victor C\u00f4rrea de Lima Aquino<br>Simone Oliveira da Rosa<br>Edmilson Fraga da Silva<br>Osvaldo de Avila Rodrigues<br>Jos\u00e9 Juarez Azeredo Filho<\/p>\n\n\n\n<p><strong>CONSELHO FISCAL<\/strong><\/p>\n\n\n\n<p>Paulo Rodolfo Pacheco Ribeiro<br>Ronaldo Maciel da Cruz<br>Claudia Elisabete Veras Louro<br>Maria In\u00eas Ghedin de Souza<br>Fernando Ant\u00f4nio Gluszczak<\/p>\n\n\n\n<p><strong>DELEGADOS<\/strong><\/p>\n\n\n\n<p>Evandro Silveira Redante<br>Max Emilio da Silva Goulart<br>C\u00e1tia de Mattos Barcelos<br>S\u00e9rgio Augusto de Oliveira Tambellini<br>Jo\u00e3o Ant\u00f4nio Ribeiro Neto<br>Arilton Correa<br>Michele Cati\u00fasci de Moraes<br>Daniela Lencina Lopes Correa<br>Vinicius Primaz<\/p>\n","protected":false},"excerpt":{"rendered":"<p>Conhe\u00e7a a diretoria completa do Sindicato dos Aerovi\u00e1rios de Porto Alegre: DIRETORIA EXECUTIVA Marcos Andr\u00e9 Fortes \u2013 PresidenteAlexandre Silveira \u2013 Secret\u00e1rio GeralCelso Andr\u00e9 Klafke \u2013 Diretor de Finan\u00e7asEduardo de Oliveira Bobsin \u2013 Diretor Jur\u00eddicoGiliardi Anderson Vicente dos Santos \u2013 Diretor de Imprensa\u00c9dipo Saint\u2019Claire Amaral \u2013 Diretor de Sa\u00fadeMois\u00e9s de Souza Bastos \u2013 Diretor de Patrim\u00f4nioCaroline<\/p>\n","protected":false},"author":1,"featured_media":0,"parent":0,"menu_order":0,"comment_status":"closed","ping_status":"closed","template":"","meta":{"footnotes":""},"class_list":["post-15010","page","type-page","status-publish"],"_links":{"self":[{"href":"https:\/\/aeroviarios.org.br\/index.php\/wp-json\/wp\/v2\/pages\/15010","targetHints":{"allow":["GET"]}}],"collection":[{"href":"https:\/\/aeroviarios.org.br\/index.php\/wp-json\/wp\/v2\/pages"}],"about":[{"href":"https:\/\/aeroviarios.org.br\/index.php\/wp-json\/wp\/v2\/types\/page"}],"author":[{"embeddable":true,"href":"https:\/\/aeroviarios.org.br\/index.php\/wp-json\/wp\/v2\/users\/1"}],"replies":[{"embeddable":true,"href":"https:\/\/aeroviarios.org.br\/index.php\/wp-json\/wp\/v2\/comments?post=15010"}],"version-history":[{"count":17,"href":"https:\/\/aeroviarios.org.br\/index.php\/wp-json\/wp\/v2\/pages\/15010\/revisions"}],"predecessor-version":[{"id":15360,"href":"https:\/\/aeroviarios.org.br\/index.php\/wp-json\/wp\/v2\/pages\/15010\/revisions\/15360"}],"wp:attachment":[{"href":"https:\/\/aeroviarios.org.br\/index.php\/wp-json\/wp\/v2\/media?parent=15010"}],"curies":[{"name":"wp","href":"https:\/\/api.w.org\/{rel}","templated":true}]}}